{"id":25,"date":"2015-07-08T08:00:18","date_gmt":"2015-07-08T08:00:18","guid":{"rendered":"http:\/\/farmacies.ecoceutics.com\/?page_id=25"},"modified":"2015-07-09T10:23:21","modified_gmt":"2015-07-09T10:23:21","slug":"qui-som","status":"publish","type":"page","link":"https:\/\/farmacies.ecoceutics.com\/?page_id=25","title":{"rendered":"Qui som"},"content":{"rendered":"<section class=\"container\"><div  class=\"row\" ><div class=\"col-md-3\"><img loading=\"lazy\" decoding=\"async\" class=\"alignnone size-full wp-image-136\" src=\"http:\/\/farmacies.ecoceutics.com\/wp-content\/uploads\/2015\/07\/img-quisom-1.jpg\" alt=\"img-quisom-1\" width=\"1024\" height=\"869\" srcset=\"https:\/\/farmacies.ecoceutics.com\/wp-content\/uploads\/2015\/07\/img-quisom-1.jpg 1024w, https:\/\/farmacies.ecoceutics.com\/wp-content\/uploads\/2015\/07\/img-quisom-1-300x255.jpg 300w, https:\/\/farmacies.ecoceutics.com\/wp-content\/uploads\/2015\/07\/img-quisom-1-370x314.jpg 370w, https:\/\/farmacies.ecoceutics.com\/wp-content\/uploads\/2015\/07\/img-quisom-1-360x306.jpg 360w\" sizes=\"auto, (max-width: 1024px) 100vw, 1024px\" \/><img loading=\"lazy\" decoding=\"async\" class=\"alignnone size-full wp-image-137\" src=\"http:\/\/farmacies.ecoceutics.com\/wp-content\/uploads\/2015\/07\/img-quisom-2.jpg\" alt=\"img-quisom-2\" width=\"1024\" height=\"869\" srcset=\"https:\/\/farmacies.ecoceutics.com\/wp-content\/uploads\/2015\/07\/img-quisom-2.jpg 1024w, https:\/\/farmacies.ecoceutics.com\/wp-content\/uploads\/2015\/07\/img-quisom-2-300x255.jpg 300w, https:\/\/farmacies.ecoceutics.com\/wp-content\/uploads\/2015\/07\/img-quisom-2-370x314.jpg 370w, https:\/\/farmacies.ecoceutics.com\/wp-content\/uploads\/2015\/07\/img-quisom-2-360x306.jpg 360w\" sizes=\"auto, (max-width: 1024px) 100vw, 1024px\" \/><\/div><div class=\"col-md-9\">El 4 de Mar\u00e7 de 1996, fa 16 anys, el Francesc i l&#8217;Albert Vil\u00e0 vem inaugurar la farm\u00e0cia amb molta il\u00b7lusi\u00f3, un any m\u00e9s tard es va incorporar l&#8217;Anna amb moltes ganes per substituir a l&#8217;Albert. A l&#8217;any 2002 va arribar l&#8217; Esther per fer pr\u00e0ctiques i \u00e9s va quedar. Finalment a l&#8217;any 2006 l&#8217;Alba despr\u00e9s de fer les pr\u00e0ctiques \u00e9s va incorporar a la farm\u00e0cia. Des de el 2006 nosaltres 4 som l&#8217;equip de la farm\u00e0cia. Un equip amb moltes ganes de traballar, amb il\u00b7lusi\u00f3, que cada dia posa tota la nostra for\u00e7a per satisfer als nostres clients.\n<p>&nbsp;<\/p>\n<p><strong>Farm\u00e0cia Vil\u00e0<\/strong> \u00e9s un espai de salut i benestar que, amb voluntat emprenedora, posem els nostres coneixements i esfor\u00e7os en un projecte innovador per millorar la qualitat de vida dels nostres clients. El nostre comprom\u00eds \u00e9s, a partir d\u2019un equip professional expert, posar a l\u2019abast dels nostres clients totes les solucions possibles per la seva salut, prevenci\u00f3 i benestar.<\/p>\n<p>&nbsp;<\/p>\n<p>L&#8217;equip:<\/p>\n<ul>\n<li><strong>Francesc Vil\u00e0.<\/strong> Farmac\u00e8utic titular. M\u00e0ster en gesti\u00f3 de farm\u00e0cia. Expert en an\u00e0lisis cl\u00ednics.<\/li>\n<li><strong>Anna Ca\u00f1as.<\/strong> Farmac\u00e8utica. Curs avan\u00e7at de medicines alternatives d&#8217;homeopatia i aromater\u00e0pia. Curs diet\u00e8tica i nutrici\u00f3. Formules magistrals.<\/li>\n<li><strong>Esther Rubio.<\/strong> Aux. Farm\u00e0cia. Curs d&#8217;ortop\u00e8dia impartit per COFB (experta en o.deportiva), curs de xarxes socials impartit per Sartia i experta en linea infantil.<\/li>\n<li><strong>Alba Bellido.<\/strong> Aux. Farm\u00e0cia. Experta en cosm\u00e8tica i maquillatge, curs IMAGEN 360, curs \u00abprogramaci\u00f3 internacional de Flors de Bach\u00bb.<\/li>\n<\/ul>\n<p><\/p><\/div><\/div><\/section>\n","protected":false},"excerpt":{"rendered":"","protected":false},"author":1,"featured_media":0,"parent":0,"menu_order":0,"comment_status":"open","ping_status":"open","template":"","meta":{"footnotes":""},"class_list":["post-25","page","type-page","status-publish","hentry"],"_links":{"self":[{"href":"https:\/\/farmacies.ecoceutics.com\/index.php?rest_route=\/wp\/v2\/pages\/25","targetHints":{"allow":["GET"]}}],"collection":[{"href":"https:\/\/farmacies.ecoceutics.com\/index.php?rest_route=\/wp\/v2\/pages"}],"about":[{"href":"https:\/\/farmacies.ecoceutics.com\/index.php?rest_route=\/wp\/v2\/types\/page"}],"author":[{"embeddable":true,"href":"https:\/\/farmacies.ecoceutics.com\/index.php?rest_route=\/wp\/v2\/users\/1"}],"replies":[{"embeddable":true,"href":"https:\/\/farmacies.ecoceutics.com\/index.php?rest_route=%2Fwp%2Fv2%2Fcomments&post=25"}],"version-history":[{"count":6,"href":"https:\/\/farmacies.ecoceutics.com\/index.php?rest_route=\/wp\/v2\/pages\/25\/revisions"}],"predecessor-version":[{"id":138,"href":"https:\/\/farmacies.ecoceutics.com\/index.php?rest_route=\/wp\/v2\/pages\/25\/revisions\/138"}],"wp:attachment":[{"href":"https:\/\/farmacies.ecoceutics.com\/index.php?rest_route=%2Fwp%2Fv2%2Fmedia&parent=25"}],"curies":[{"name":"wp","href":"https:\/\/api.w.org\/{rel}","templated":true}]}}